{"version":"1.0","provider_name":"Efix Portugu\u00eas","provider_url":"https:\/\/talent.efix.net\/pt","author_name":"Andr\u00e9","author_url":"https:\/\/talent.efix.net\/pt\/author\/intelligenzia\/","title":"Quanto custa demitir algu\u00e9m?","type":"rich","width":600,"height":338,"html":"<blockquote class=\"wp-embedded-content\" data-secret=\"cUpoeqCr7G\"><a href=\"https:\/\/talent.efix.net\/pt\/quanto-custa-demitir-alguem\/\">Quanto custa demitir algu\u00e9m?<\/a><\/blockquote><iframe sandbox=\"allow-scripts\" security=\"restricted\" src=\"https:\/\/talent.efix.net\/pt\/quanto-custa-demitir-alguem\/embed\/#?secret=cUpoeqCr7G\" width=\"600\" height=\"338\" title=\"&#8220;Quanto custa demitir algu\u00e9m?&#8221; &#8212; Efix Portugu\u00eas\" data-secret=\"cUpoeqCr7G\" frameborder=\"0\" marginwidth=\"0\" marginheight=\"0\" scrolling=\"no\" class=\"wp-embedded-content\"><\/iframe><script type=\"text\/javascript\">\n\/* <![CDATA[ *\/\n\/*! This file is auto-generated *\/\n!function(d,l){\"use strict\";l.querySelector&&d.addEventListener&&\"undefined\"!=typeof URL&&(d.wp=d.wp||{},d.wp.receiveEmbedMessage||(d.wp.receiveEmbedMessage=function(e){var t=e.data;if((t||t.secret||t.message||t.value)&&!\/[^a-zA-Z0-9]\/.test(t.secret)){for(var s,r,n,a=l.querySelectorAll('iframe[data-secret=\"'+t.secret+'\"]'),o=l.querySelectorAll('blockquote[data-secret=\"'+t.secret+'\"]'),c=new RegExp(\"^https?:$\",\"i\"),i=0;i<o.length;i++)o[i].style.display=\"none\";for(i=0;i<a.length;i++)s=a[i],e.source===s.contentWindow&&(s.removeAttribute(\"style\"),\"height\"===t.message?(1e3<(r=parseInt(t.value,10))?r=1e3:~~r<200&&(r=200),s.height=r):\"link\"===t.message&&(r=new URL(s.getAttribute(\"src\")),n=new URL(t.value),c.test(n.protocol))&&n.host===r.host&&l.activeElement===s&&(d.top.location.href=t.value))}},d.addEventListener(\"message\",d.wp.receiveEmbedMessage,!1),l.addEventListener(\"DOMContentLoaded\",function(){for(var e,t,s=l.querySelectorAll(\"iframe.wp-embedded-content\"),r=0;r<s.length;r++)(t=(e=s[r]).getAttribute(\"data-secret\"))||(t=Math.random().toString(36).substring(2,12),e.src+=\"#?secret=\"+t,e.setAttribute(\"data-secret\",t)),e.contentWindow.postMessage({message:\"ready\",secret:t},\"*\")},!1)))}(window,document);\n\/* ]]> *\/\n<\/script>\n","description":"Por Juliane Yamaoka, gerente-geral da Efix Na hora da demiss\u00e3o, os gestores costumam considerar apenas os custos diretos relativos ao desligamento do profissional \u2013 mas existem tamb\u00e9m impactos no time, e na cultura organizacional que devem ser levados em considera\u00e7\u00e3o. Demitir algu\u00e9m nunca \u00e9 um processo simples \u2013 e \u00e9 preciso que o gestor tenha objetividade \u2013 para que n\u00e3o pare\u00e7a algo de ordem pessoal, ou com caracter\u00edstica subjetiva. Para evitar que gestores \u201cpercam a m\u00e3o\u201d nesse dif\u00edcil processo, as empresas precisam ter instrumentos consistentes de medi\u00e7\u00e3o de performance e engajamento \u2013 a avalia\u00e7\u00e3o objetiva do desempenho do funcion\u00e1rio deve [&hellip;]","thumbnail_url":"https:\/\/talent.efix.net\/pt\/wp-content\/uploads\/sites\/2\/2024\/03\/logo.png","thumbnail_width":103,"thumbnail_height":77}